{"id":219,"date":"2017-02-12T11:04:31","date_gmt":"2017-02-12T10:04:31","guid":{"rendered":"http:\/\/www.motoclubdegoult.fr\/newsite\/?page_id=219"},"modified":"2017-02-16T00:22:19","modified_gmt":"2017-02-15T23:22:19","slug":"histoire","status":"publish","type":"page","link":"http:\/\/www.motoclubdegoult.fr\/?page_id=219","title":{"rendered":"HISTORIQUE"},"content":{"rendered":"<p>&nbsp;<\/p>\n<p><strong><span style=\"color: #dd8500;\">LA GENESE<\/span><\/strong><\/p>\n<p>Le Moto Club de Goult a \u00e9t\u00e9 cr\u00e9\u00e9 en 1977 par trois pilotes de motocross issus du village.<\/p>\n<p>Tr\u00e8s vite, d&rsquo;ann\u00e9es en ann\u00e9es le nombre de licenci\u00e9s du club augmente. Les membres s&rsquo;investissent au d\u00e9veloppement du motocross et \u00e0 la valorisation des activit\u00e9s motocyclistes.<\/p>\n<p>Aujourd&rsquo;hui, le pr\u00e9sident du Moto Club, Claude Pezi\u00e8re, et ses collaborateurs sont satisfaits de pouvoir recevoir les pilotes et amateurs du sport moto sur la piste de LA GARDI, circuit proven\u00e7al embl\u00e9matique des plus appr\u00e9ci\u00e9s des pilotes, accompagnateurs et spectateurs.<\/p>\n<p>&nbsp;<\/p>\n<p><strong><span style=\"color: #dd8500;\">L\u2019ESSOR DE LA COMP\u00c9TITION<br \/>\n<\/span><\/strong><\/p>\n<p>Le Moto Club de Goult se tourne rapidement vers la comp\u00e9tition : Il organise r\u00e9guli\u00e8rement des \u00e9preuves du championnat de Provence de Motocross dans toutes les cat\u00e9gories.<\/p>\n<p>Le club re\u00e7oit en 2004 une \u00e9preuve du Minivert. Il organise \u00e9galement des \u00e9preuves comptant pour le championnat de France 125 Junior ou le championnat de France National 125.<\/p>\n<p>Le Moto Club de Goult s&rsquo;est \u00e9galement rapidement tourn\u00e9e vers la sp\u00e9cificit\u00e9 quad et les comp\u00e9titions de quadcross en proposant des \u00e9preuves du Championnat de Provence.<\/p>\n<p>Depuis quelques ann\u00e9es, le Moto Club de Goult propose une endurance tout-terrain dans le cadre du Championnat de Provence dans les cat\u00e9gories quad et moto.<\/p>\n<p>&nbsp;<\/p>\n<p><strong><span style=\"color: #dd8500;\">LA SOLIDARIT\u00c9 ET L&rsquo;ESPRIT ASSOCIATIF<\/span><\/strong><\/p>\n<p>Depuis sa cr\u00e9ation, le Moto Club s&rsquo;est toujours investi dans les projets solidaires et les \u0153uvres caritatives.<\/p>\n<p>Les membres du Moto Club participent chaque ann\u00e9e au T\u00e9l\u00e9thon au travers d&rsquo;actions sp\u00e9cifiques organis\u00e9es par la section sportive et la section quad du club. L&rsquo;int\u00e9gralit\u00e9 des fonds r\u00e9colt\u00e9s sont ainsi revers\u00e9s au profit de la recherche et des malades.<\/p>\n<p>&nbsp;<\/p>\n","protected":false},"excerpt":{"rendered":"<p>&nbsp; LA GENESE Le Moto Club de Goult a \u00e9t\u00e9 cr\u00e9\u00e9 en 1977 par trois pilotes de motocross issus du<\/p>\n","protected":false},"author":1,"featured_media":0,"parent":0,"menu_order":0,"comment_status":"closed","ping_status":"closed","template":"","meta":{"footnotes":""},"class_list":["post-219","page","type-page","status-publish","hentry"],"_links":{"self":[{"href":"http:\/\/www.motoclubdegoult.fr\/index.php?rest_route=\/wp\/v2\/pages\/219","targetHints":{"allow":["GET"]}}],"collection":[{"href":"http:\/\/www.motoclubdegoult.fr\/index.php?rest_route=\/wp\/v2\/pages"}],"about":[{"href":"http:\/\/www.motoclubdegoult.fr\/index.php?rest_route=\/wp\/v2\/types\/page"}],"author":[{"embeddable":true,"href":"http:\/\/www.motoclubdegoult.fr\/index.php?rest_route=\/wp\/v2\/users\/1"}],"replies":[{"embeddable":true,"href":"http:\/\/www.motoclubdegoult.fr\/index.php?rest_route=%2Fwp%2Fv2%2Fcomments&post=219"}],"version-history":[{"count":5,"href":"http:\/\/www.motoclubdegoult.fr\/index.php?rest_route=\/wp\/v2\/pages\/219\/revisions"}],"predecessor-version":[{"id":228,"href":"http:\/\/www.motoclubdegoult.fr\/index.php?rest_route=\/wp\/v2\/pages\/219\/revisions\/228"}],"wp:attachment":[{"href":"http:\/\/www.motoclubdegoult.fr\/index.php?rest_route=%2Fwp%2Fv2%2Fmedia&parent=219"}],"curies":[{"name":"wp","href":"https:\/\/api.w.org\/{rel}","templated":true}]}}